{"id":324,"date":"2020-01-02T08:31:53","date_gmt":"2020-01-02T08:31:53","guid":{"rendered":"http:\/\/wordpress.pierre-dietz.de\/?page_id=324"},"modified":"2020-03-12T09:45:16","modified_gmt":"2020-03-12T09:45:16","slug":"king-artus-und-das-geheimnis-von-avalon","status":"publish","type":"page","link":"http:\/\/wordpress.pierre-dietz.de\/?page_id=324","title":{"rendered":"\u00bbKing\u00ab Artus und das Geheimnis von Avalon"},"content":{"rendered":"<p><a href=\"http:\/\/wordpress.pierre-dietz.de\/wp-content\/uploads\/2020\/01\/Pierre_Dietz_King_Artus_Titel_Web_rgb_3endfassung.jpg\"><img loading=\"lazy\" decoding=\"async\" class=\"alignleft size-medium wp-image-326\" src=\"http:\/\/wordpress.pierre-dietz.de\/wp-content\/uploads\/2020\/01\/Pierre_Dietz_King_Artus_Titel_Web_rgb_3endfassung-191x300.jpg\" alt=\"\u00bbKing\u00ab Artus\" width=\"191\" height=\"300\" srcset=\"http:\/\/wordpress.pierre-dietz.de\/wp-content\/uploads\/2020\/01\/Pierre_Dietz_King_Artus_Titel_Web_rgb_3endfassung-191x300.jpg 191w, http:\/\/wordpress.pierre-dietz.de\/wp-content\/uploads\/2020\/01\/Pierre_Dietz_King_Artus_Titel_Web_rgb_3endfassung-768x1206.jpg 768w, http:\/\/wordpress.pierre-dietz.de\/wp-content\/uploads\/2020\/01\/Pierre_Dietz_King_Artus_Titel_Web_rgb_3endfassung-652x1024.jpg 652w, http:\/\/wordpress.pierre-dietz.de\/wp-content\/uploads\/2020\/01\/Pierre_Dietz_King_Artus_Titel_Web_rgb_3endfassung.jpg 827w\" sizes=\"auto, (max-width: 191px) 85vw, 191px\" \/><\/a>Roman mit Sachanhang<\/p>\n<p>\u201eWas denkst du, weshalb die Bretagne bestrebt ist, sich von Frankreich zu trennen? Eines Tages stehen Artus und Merlin wieder auf und erheben dieses Land zum Zentrum der Welt!\u201c<\/p>\n<p>Wundersam, was der junge Marcel Amidieu in der Heimat seiner Tante Louane zu h\u00f6ren bekommt. Detailreich recherchiert und illustriert, f\u00fchrt uns dieser Roman von der Erschaffung der Menschheit bis zur Suche nach dem heiligen Gral.<\/p>\n<p>Nichts stimmt so, wie wir es kennen. Ein Puzzle, bei dem die Vergangenheit zur Realit\u00e4t und die Gegenwart zur Sage wird, so der Lektor Martin Fenske.<\/p>\n<p>Mitte Januar erscheint im Verlag Edition AV der erste Band aus der Reihe \u00bbDiener des Goldes\u00ab von Pierre Dietz \u00bbKing\u00ab Artus und das Geheimnis von Avalon.<\/p>\n<p>Auf 512 Seiten taucht die Leserschaft in die spannende Geschichte des Jungen Marcel Amidieu ein, der durch eine seltsame Beobachtung in Paris in den Sog der Geschichte um das \u00bbGold der G\u00f6tter\u00ab ger\u00e4t. Welchen Einflu\u00df hat dieser Schatz auf uns heute?<\/p>\n<p>Von seltsamen Menschen verfolgt, bringen ihm seine Tante Louane und ein alter Fischer die Geheimnisse der Bretagne n\u00e4her.<br \/>\nDurch die Erz\u00e4hlungen wird aus der Sage Realit\u00e4t und aus \u00dcberlieferungen technische Details. Die Inseln von Avalon, die Gralsburg und Camelot l\u00fcften den Schleier ihrer in die Vergessenheit geratenen Standorte.<\/p>\n<p>Dietz hat als Typograf Fehler bei der \u00dcbertragung keltischer Texte in die modernen Sprachen aufgedeckt, weshalb ihm gelang, die \u00dcberlieferungen neu zu erz\u00e4hlen.<\/p>\n<p>ISBN 978-3-86841-235-2<br \/>\n512 Seiten<br \/>\n24,50 \u20ac<\/p>\n<p>***<\/p>\n<p><span style=\"font-size: medium;\">Leseprobe<\/span><\/p>\n<p><span style=\"font-size: medium;\">Sommer\u20051996<\/span><\/p>\n<p><span style=\"font-size: medium;\">Endlich klares Wetter. Marcel f\u00e4hrt mit Louane an den Strand von \u00bbKerl\u00e9ven\u00ab. Den Blick \u00fcber die Bucht bis nach \u00bbBeg Meil\u00ab sieht der Junge mit anderen Augen. Armer Gorlois! Von wegen edles Rittertum. Viele Menschen haben aufgrund der Machtgier eines Feldherrn ihr Leben verloren. Marcel betr\u00fcbt das von aufgew\u00fchltem Schlick verf\u00e4rbte Wasser. Ein paar M\u00f6wen gieren nach Essbarem aus dem Picknickkorb. Der Sand f\u00fcllt sich mit Sonnenhungrigen. Die beiden schwimmen ausgiebig. Wieder bei den Strandt\u00fcchern bittet Marcel seine Tante, die Geschichte der Bretagne weiterzuerz\u00e4hlen. Hat Churchill nicht gesagt, die Wahrheit sei zwischen zwei L\u00fcgen verborgen?<\/span><\/p>\n<p><span style=\"font-size: medium;\"><a href=\"http:\/\/wordpress.pierre-dietz.de\/wp-content\/uploads\/2020\/03\/08-ZEICHNUNG-KERLEON.jpg\"><img loading=\"lazy\" decoding=\"async\" class=\"size-medium wp-image-347 alignnone\" src=\"http:\/\/wordpress.pierre-dietz.de\/wp-content\/uploads\/2020\/03\/08-ZEICHNUNG-KERLEON-300x198.jpg\" alt=\"Uther's Haus in Ker L\u00e9on\" width=\"300\" height=\"198\" srcset=\"http:\/\/wordpress.pierre-dietz.de\/wp-content\/uploads\/2020\/03\/08-ZEICHNUNG-KERLEON-300x198.jpg 300w, http:\/\/wordpress.pierre-dietz.de\/wp-content\/uploads\/2020\/03\/08-ZEICHNUNG-KERLEON-768x507.jpg 768w, http:\/\/wordpress.pierre-dietz.de\/wp-content\/uploads\/2020\/03\/08-ZEICHNUNG-KERLEON.jpg 853w\" sizes=\"auto, (max-width: 300px) 85vw, 300px\" \/><\/a><\/span><\/p>\n<p><span style=\"font-size: medium;\">434\u2005nach\u2005Christus <\/span><\/p>\n<p><span style=\"font-size: medium;\">Ein Fr\u00fchjahrssturm peitscht \u00fcber den zugebauten H\u00fcgel von \u00bbKer L\u00e9on\u00ab hinweg. Das Meer ist aufgew\u00fchlt und rollt mit gewaltigen Brechern auf die K\u00fcste zu. Die M\u00f6wen fliegen r\u00fcckw\u00e4rts. Wei\u00dfe Schaumkronen t\u00fcrmen sich auf petrolfarbigen Wellen. Ein heiliger Baum st\u00fcrzt entwurzelt den Hang hinunter und bringt eine H\u00fctte zum Einsturz. Ein Blitz steckt das morsche Holz in Brand. Die Bewohner zittern vor dem entfesselten Zorn der G\u00f6tter. Im Get\u00f6se des Windes verebben die Schreie einer in den Wehen liegenden Frau. Links neben der Eingangst\u00fcr ist eine Feuerstelle, in der ein eiserner Dreifu\u00df f\u00fcr das Aufsetzen eines Kessels steht. In der hinteren H\u00e4lfte des Saales haben die Sklaven ein flaches Bett f\u00fcr die Entbindung vorbereitet, das mit weichen Fellen ausgelegt ist. Entlang der Wand lehnen eroberte Schilde und Waffen. \u00dcber der Stirnseite des Bettes h\u00e4ngen an einem Stab D\u00fcfte verstr\u00f6mende Kr\u00e4uter, um die Geb\u00e4rende zu beruhigen. In einem mannshohen Gestell h\u00e4ngt ein Eimer voll Wasser und einen weiterer, der mit \u00bbChouchen\u00ab gef\u00fcllt ist. An drei Haken baumeln Kupferkessel in verschiedenen Gr\u00f6\u00dfen. <\/span><\/p>\n<p><span style=\"font-size: medium;\">Uther sitzt auf einem Dreibeinschemel an einem niedrigen Tisch und vergr\u00e4bt sein Gesicht in den H\u00e4nden. Das Feuer erhellt, unterhalb der offenen Zwischendecke, prasselnd den Raum. Der Rauch zieht hinauf bis unter das mit Holz gedeckte Dach. Der Qualm impr\u00e4gniert die drei Schichten Schindeln, die aus den astfreien unteren sieben Metern von Fichten geschlagen sind. Von dort dr\u00fcckt ihn der Wind durch die Rauch\u00f6ffnungen ins Freie. Der Dachfirst des Anf\u00fchrers hat den steilsten Winkel aller H\u00e4user im Dorf. Die Lebensdauer eines Daches h\u00e4ngt von der Steigung ab. Je spitzer, desto haltbarer, umso teurer. Die Isolation besteht aus rund um die Au\u00dfenw\u00e4nde aufgestapeltem Brennholz. Diese nat\u00fcrliche W\u00e4rmed\u00e4mmung weist erhebliche L\u00fccken auf. Ein Zeichen f\u00fcr den endenden Winter.<\/span><\/p>\n<p><span style=\"font-size: medium;\">Eine Druidin bereitet die Wasserweihe vor. Dagonet, der von Gestalt defensiv gebeugte Dorftrottel, fuchtelt mit seinen langen Armen, den knotigen H\u00e4nden und den d\u00fcnnen Fingern herum, als ob Geister aus dem Raum zu vertreiben seien. Sein mit Muttermalen \u00fcbers\u00e4tes Gesicht ziert eine Knollennase, die alle Gegenst\u00e4nde wie ein Hund beschn\u00fcffelt. Seine enormen F\u00fc\u00dfe, mit denen der Spa\u00dfvogel \u00fcber extrem d\u00fcnne Waden verbunden ist, t\u00e4nzeln \u00fcber den Boden und wirbeln einigen Staub auf. Von der Heilerin zurechtgewiesen, tr\u00e4nen seine flattrigen Glotzaugen, von denen eins zimtbraun und das andere amethystfarben ist. <\/span><\/p>\n<p><span style=\"font-size: medium;\">Deprimiert verl\u00e4sst Dagonet das Haus und rammt mit seinem hohen Kopf versehentlich die T\u00fcrzarge. Sein Jammern geht im Get\u00f6se der Winde unter. Igerne geb\u00e4rt einen Sohn. Der S\u00e4ugling gibt den ersten Laut von sich, da \u00f6ffnet sich die Eingangst\u00fcr und Merlin betritt durchn\u00e4sst den Raum. Uther ist nerv\u00f6s und l\u00e4uft aufgew\u00fchlt vor dem Bett auf und ab. <\/span><\/p>\n<p>\u201e<span style=\"font-size: medium;\">Da ist eine Sache\u201c, sagt Uther, \u201edie ich dir vorenthalten habe. Merlin nimmt das Kind an sich!\u201c<\/span><\/p>\n<p>\u201e<span style=\"font-size: medium;\">Erst raubst du mir den Mann, den ich gesch\u00e4tzt habe und obendrein das Kind! Was liegt mir an dem Bastard? Weiteren Nachwuchs habe ich mir mit Gorlois gew\u00fcnscht, den ich selbst im Tod noch liebe.\u201c<\/span><\/p>\n<p>\u201e<span style=\"font-size: medium;\">Sei nicht so herzlos!\u201c<\/span><\/p>\n<p>\u201e<span style=\"font-size: medium;\">Du wirfst mir vor, gef\u00fchlskalt zu sein? Je rascher der Schandfleck aus meinem Leben verschwindet, desto eher ist dieses H\u00e4uflein Elend aus dem Sinn!\u201c<\/span><\/p>\n<p>+ + +<\/p>\n<p>Main-Spitze, Lokales, Nauheim, vom 22.1.2020, mit freundlicher Erlaubnis des Chefredakteurs, Herr Hennemann<\/p>\n<h3>War K\u00f6nig Artus Franzose?<\/h3>\n<p>Der Nauheimer Schriftsteller Pierre Dietz stellt sein neues Buch vor. Er erz\u00e4hlt die Geschichte der Tafelrunde neu.<\/p>\n<p>Von Detlef Volk<\/p>\n<p>NAUHEIM &#8211; Erst der Brexit, dann der Megxit und jetzt scheint den Briten auch noch K\u00f6nig Artus und seine Tafelrunde verloren zu gehen. Zumindest, wenn man dem Nauheimer Schriftsteller, K\u00fcnstler und Animationsdesigner Pierre Dietz (57) und seinem neuen Roman \u201eK\u00f6nig Artus und das Geheimnis von Avalon\u201c glauben darf. Es ist das erste Buch einer geplanten Reihe unter dem Titel \u201eDiener des Goldes\u201c.<\/p>\n<p>Die urspr\u00fcngliche Frage f\u00fcr Dietz war, was aus dem Gold geworden ist, das die Goten 410 in Rom erbeutet haben. Um diesen sagenhaften Goldschatz gibt es ebensoviele Mythen und Geschichten wie um das Gold der Nibelungen. Auf der Suche nach \u00dcbereinstimmungen von Sage, Dokumenten und Orten stie\u00df Dietz immer wieder auf den nicht minder sagenhaften Erfinder der Tafelrunde.<\/p>\n<p>\u201eArtus gab es wirklich, er ist in Glastonbury begraben\u201c, erkl\u00e4rt Dietz gleich am Anfang des Gespr\u00e4chs.<\/p>\n<p>Der Schl\u00fcssel zur Geschichte liegt in der Jugend von Dietz. Als kleiner Junge lernte er im Urlaub in der Bretagne einige Brocken keltisch. Als er sich nun n\u00e4her mit dem Thema befasste, stellte er fest, dass einige Buchstaben des keltischen Alphabets falsch interpretiert wurden. Diese anderen Namen verorten Artus in die Bretagne und nicht nach Britannien, erkl\u00e4rt Dietz. Dort findet er bei seinen gut dreij\u00e4hrigen Recherchen auch Avalon und die Burg Camelot, die Gralsburg und weitere Stationen im Leben von Artus. Die Verbindung nach England wird \u00fcber die Schwester von Artus hergestellt, die dorthin floh. Dietz nimmt den Leser auf eine abenteuerliche Reise mit, die er in zwei Handlungsstr\u00e4ngen erz\u00e4hlt. Es ist einmal die Geschichte des jungen Franzosen Marcel Amidieu, der \u00fcber seine Tante in die uralte Geschichte hineingezogen wird. Parallel dazu wird die Geschichte von Artus erz\u00e4hlt. Untermalt mit Zeichnungen und Landkarten, Grafiken und Stammb\u00e4umen. \u201eEs verl\u00e4uft sich niemand in meiner Geschichte\u201c, sagt Dietz dazu. Er hat auch die Tafelrunde neu dokumentiert, mit Lebensdaten von Rittern verglichen. Die Besetzung des runden Tischs habe sich immer wieder ge\u00e4ndert, so das Fazit von Dietz.<\/p>\n<p>Ungeachtet dessen, ob die Neuinterpretation stimmt oder nicht, hat Dietz einen spannenden Roman geschrieben, der nicht nur Fantasy-Liebhaber ansprechen d\u00fcrfte. \u201eAus einer Sage wird Geschichte\u201c, fasst er sein 512 Seiten starkes neues Werk zusammen.<\/p>\n<p>Lesungen gibt es am Donnerstag, 23. Januar, um 18 Uhr in der Waschbar in R\u00fcsselsheim und am 23. M\u00e4rz um 19 Uhr in der B\u00fccherei in K\u00f6nigst\u00e4dten.<\/p>\n<p>\u201eKing\u201c Artus und das Geheimnis von Avalon, Roman Verlag Edition AV, 24,50 Euro.<\/p>\n<p>+ + +<\/p>\n<p>Main-Spitze, Lokales, R\u00fcsselsheim, vom 27.1.2020, mit freundlicher Erlaubnis des Chefredakteurs, Herr Hennemann<\/p>\n<h3>Autor Pierre Dietz stellt in R\u00fcsselsheim<br \/>\nseinen neuen Roman vor<\/h3>\n<p>Aus dem Werk mit dem Titel \u201eKing Artus und das Geheimnis von Avalon\u201c las der Schriftsteller vier l\u00e4ngere Passagen vor. Er m\u00f6chte belegen, dass Artus urspr\u00fcnglich aus der Bretagne stammte.<\/p>\n<p>Von Gregor Ries<\/p>\n<p>R\u00dcSSELSHEIM &#8211; Zur Premiere seines neuen Romans \u201eKing Artus und das Geheimnis von Avalon\u201c hat Schriftsteller und Grafiker Pierre Dietz erneut die \u201eWaschbar\u201c besucht. Hier hatte er bereits vor einem Jahr neben seiner Ausstellung \u201eLuftschl\u00f6sser\u201c Ausz\u00fcge aus dem Jugendbuch \u201eDas Geisterfestungsfest\u201c pr\u00e4sentiert und die famili\u00e4re Atmosph\u00e4re gelobt.<\/p>\n<p>Der in R\u00fcsselsheim geborene Autor las vier l\u00e4ngere Passagen aus dem Buch \u2013 und zwar unmittelbar unter seinem Festungsgem\u00e4lde mit f\u00fcnf Portr\u00e4ts lokaler Pers\u00f6nlichkeiten, das er der \u201eWaschbar\u201c damals vermachte.<\/p>\n<p>Sein neustes Werk verschr\u00e4nkt in \u00e4hnlicher Weise realistische und fantastische Elemente, Fiktion und exakte Recherche. Wieder steht mit dem Deutschfranzosen Marcel Amidieu ein jugendlicher Protagonist im Mittelpunkt. In Paris wird er 1996 mit r\u00e4tselhaften Menschen aus einem Ufo konfrontiert und muss fliehen. Sein Weg f\u00fchrt zu Tante Louane in der Bretagne, die von sich selbst behauptet, eine Fee zu sein. Marcel wird von ihr mit \u00dcberlieferungen zu Artus, seiner Halbschwester Morgan, den Inseln von Avalon und Camelot versorgt.<\/p>\n<p>Dietz l\u00e4sst immer wieder autobiografische Erlebnisse und Hintergrundwissen, etwa zu Spezialit\u00e4ten der Bretagne, einflie\u00dfen. Als Marcel bei Regen angeln gehen will, begegnet er \u2013 wie einst der Autor \u2013 P\u00e8re Albert mit seiner unappetitlichen Angewohnheit, Regenw\u00fcrmer als K\u00f6der durchzubei\u00dfen.<\/p>\n<p>Auf der zweiten Ebene rollt Dietz Geburt und Entwicklung des sp\u00e4teren K\u00f6nig Artus ab 434 nach Christus auf. Ein atmosph\u00e4rischer Auszug schildert, wie er als S\u00e4ugling von Merlin aus den H\u00e4nden seiner zerstrittenen Eltern geholt und zum Schutz vor Feinden in die Obhut eines Druiden gebracht wurde. Ebenso berichtete der in Nauheim lebende K\u00fcnstler von dessen Ankunft in Camelot.<\/p>\n<p>Dietz m\u00f6chte belegen, dass der in England beerdigte Artus urspr\u00fcnglich aus der Bretagne stammte. M\u00f6nche \u00fcbersetzten und deuteten laut ihm zahlreiche keltische Buchstaben falsch. Dies zeigt er im Anhang seines 512-seitigen Buchs neben einem Index und Erl\u00e4uterungen auf. Zur Verst\u00e4ndlich- und \u00dcbersichtlichkeit hat es Dietz mit vielen Illustrationen, Karten und Stammb\u00e4umen versehen.<\/p>\n<p>Seine geplante Trilogie \u201eDiener des Geldes\u201c \u00fcber den Weg der von Goten geraubten und sp\u00e4ter verschwundenen r\u00f6mischen Sch\u00e4tze soll mit Romanen \u00fcber die Sagenfiguren Lohengrin und Sigurd fortgef\u00fchrt werden.<\/p>\n<p>+ + +<\/p>\n<p>Main-Spitze, Lokales, R\u00fcsselsheim, vom 29.2.2020, mit freundlicher Erlaubnis des Chefredakteurs, Herr Hennemann<\/p>\n<h3>\u00dcber Fehler in der Geschichtsschreibung<\/h3>\n<p>Autor Pierre Dietz stellt in R\u00fcsselsheim sein neues Buch \u201eKing Artus und das Geheimnis von Avalon\u201c vor, in dem er auch mit der Artus-Sage aufr\u00e4umt \u2013 Stoff f\u00fcr 20 Doktorarbeiten.<\/p>\n<p>Von Claus Langkammer<\/p>\n<hr \/>\n<p>BEZUG<br \/>\nDer Roman \u201eKing Artus und das Geheimnis von Avalon\u201c von Pierre Dietz ist unter ISBN 978-3-86841-235-2 im Verlag Edition AV erschienen und im Buchhandel zum Preis von 24,50 Euro erh\u00e4ltlich. (cll)<\/p>\n<hr \/>\n<p>R\u00dcSSELSHEIM &#8211; Der Animationsdesigner, K\u00fcnstler und Schriftsteller Pierre Dietz hat im Busch-Caf\u00e9 des Nachbarschaftszentrums an der Virchowstra\u00dfe sein neues Buch \u201eKing Artus und das Geheimnis von Avalon\u201c vorgestellt. Der Autor, geb\u00fcrtiger R\u00fcsselsheimer mit deutsch-franz\u00f6sischen Wurzeln, verbindet mit diesem Werk einen hohen Anspruch, n\u00e4mlich nichts Geringeres als Berichtigungen in der Geschichte der Menschheit.<\/p>\n<p>Kann man das ernstnehmen? Klingt es nicht selbst schon wie eine Sage, womit das Nachbarschaftszentrum f\u00fcr die Lesung geworben hat: \u201eDietz hat als Typograf Fehler bei der \u00dcbertragung keltischer Texte in die modernen Sprachen aufgedeckt, weshalb es ihm gelang, die \u00dcberlieferungen neu zu erz\u00e4hlen.\u201c Wie konnte das passieren? M\u00f6nche h\u00e4tten Stoff falsch interpretiert. Die Verortung etwa der Krals-Geschichte sei v\u00f6llig falsch gelaufen und in England gelandet. Hier kommt die Bretagne ins Spiel. Das scharfe Auge des Typografen Dietz filterte Fehler heraus wie: \u201eWenn man guckt, da ist ein f. Es ist aber ein s. Der Strich geht nicht durch. Oder hier: Das ist kein w, sondern ein ou.\u201c Und schon ger\u00e4t die \u00dcberlieferung der Historie in Schieflage. Wen k\u00f6nnte das interessieren? \u201eAlle, die sich mit der Sp\u00e4t-Antike besch\u00e4ftigen.\u201c<\/p>\n<p>\u00dcberhaupt war Artus r\u00f6mischer Abkunft, nicht englischer. Dietz: \u201eAlle Artus-Sagen gab es nicht. Die Tafelrunde? V\u00f6lliger Mumpitz. Sie hat sich niemals auf nur zw\u00f6lf Ritter beschr\u00e4nkt.\u201c Sp\u00e4testens hier muss gefragt werden d\u00fcrfen: Fu\u00dft etwa auch das Drehbuch von Monty Pythons Kinofilm-Klassiker \u201eDie Ritter der Kokosnuss\u201c auf falschen Gegebenheiten?<\/p>\n<p>Wie auch immer: Es ist ein Roman mit 512 Seiten entstanden, dessen Recherchen und Handlungen in eine neuzeitliche Handlung gebettet sind, Schaffens- und Forschenszeit: drei Jahre. Sie hat Dietz auch in die Bretagne gef\u00fchrt. Reaktionen? \u201eBis jetzt noch keine. Das Buch ist eben sehr dick. Und da stehen bestimmt locker 20 Themen f\u00fcr Doktorarbeiten drin.\u201c<\/p>\n<p>Gastgeber Folkmar Schirmer vom Vorstand des Stadtteilvereins bedauerte die \u201eein bisschen d\u00fcnn ausgefallene\u201c Zuh\u00f6rerschar. Autor Dietz dazu souver\u00e4n: \u201eSelbst wenn nur einer hier sitzt, lese ich vor. Wenn jemand interessiert ist, warum soll ich weglaufen?<\/p>\n<p>+ + +<\/p>\n","protected":false},"excerpt":{"rendered":"<p>Roman mit Sachanhang \u201eWas denkst du, weshalb die Bretagne bestrebt ist, sich von Frankreich zu trennen? Eines Tages stehen Artus und Merlin wieder auf und erheben dieses Land zum Zentrum der Welt!\u201c Wundersam, was der junge Marcel Amidieu in der Heimat seiner Tante Louane zu h\u00f6ren bekommt. Detailreich recherchiert und illustriert, f\u00fchrt uns dieser Roman &hellip; <a href=\"http:\/\/wordpress.pierre-dietz.de\/?page_id=324\" class=\"more-link\"><span class=\"screen-reader-text\">\u201e\u00bbKing\u00ab Artus und das Geheimnis von Avalon\u201c<\/span> weiterlesen<\/a><\/p>\n","protected":false},"author":1,"featured_media":0,"parent":0,"menu_order":0,"comment_status":"closed","ping_status":"closed","template":"","meta":{"footnotes":""},"class_list":["post-324","page","type-page","status-publish","hentry"],"_links":{"self":[{"href":"http:\/\/wordpress.pierre-dietz.de\/index.php?rest_route=\/wp\/v2\/pages\/324","targetHints":{"allow":["GET"]}}],"collection":[{"href":"http:\/\/wordpress.pierre-dietz.de\/index.php?rest_route=\/wp\/v2\/pages"}],"about":[{"href":"http:\/\/wordpress.pierre-dietz.de\/index.php?rest_route=\/wp\/v2\/types\/page"}],"author":[{"embeddable":true,"href":"http:\/\/wordpress.pierre-dietz.de\/index.php?rest_route=\/wp\/v2\/users\/1"}],"replies":[{"embeddable":true,"href":"http:\/\/wordpress.pierre-dietz.de\/index.php?rest_route=%2Fwp%2Fv2%2Fcomments&post=324"}],"version-history":[{"count":9,"href":"http:\/\/wordpress.pierre-dietz.de\/index.php?rest_route=\/wp\/v2\/pages\/324\/revisions"}],"predecessor-version":[{"id":353,"href":"http:\/\/wordpress.pierre-dietz.de\/index.php?rest_route=\/wp\/v2\/pages\/324\/revisions\/353"}],"wp:attachment":[{"href":"http:\/\/wordpress.pierre-dietz.de\/index.php?rest_route=%2Fwp%2Fv2%2Fmedia&parent=324"}],"curies":[{"name":"wp","href":"https:\/\/api.w.org\/{rel}","templated":true}]}}